{"id":5,"date":"2013-05-16T10:49:06","date_gmt":"2013-05-16T08:49:06","guid":{"rendered":"http:\/\/trueffelnschweiz.wordpress.com\/?page_id=1"},"modified":"2025-05-03T06:30:51","modified_gmt":"2025-05-03T06:30:51","slug":"nous","status":"publish","type":"page","link":"https:\/\/trueffelschweiz.ch\/fr\/nous\/","title":{"rendered":"NOUS"},"content":{"rendered":"<p style=\"text-align: justify;\">D\u00e9j\u00e0 nos parents et grand-parents on r\u00e9colt\u00e9s des <strong>truffes sauvages<\/strong>.<\/p>\n<p lang=\"de-DE\" style=\"margin-bottom: 0px; text-align: justify;\">La technologie de la <strong>mycorhise<\/strong> nous a permi, il y 16 ans, de planter des arbres avec <em>Tuber melanosporum<\/em>.<\/p>\n<div id=\"attachment_49\" style=\"width: 888px\" class=\"wp-caption aligncenter\"><a href=\"http:\/\/trueffelschweiz.ch\/fr\/wp-content\/uploads\/sites\/6\/2013\/05\/Baume-gepflanzt.jpg\"><img loading=\"lazy\" decoding=\"async\" aria-describedby=\"caption-attachment-49\" class=\"wp-image-49  \" title=\"MYKORRHIZA BAUME\" src=\"http:\/\/trueffelschweiz.ch\/wp-content\/uploads\/2013\/05\/Baume-gepflanzt-1024x251.jpg\" alt=\"MYKORRHIZA BAUME\" width=\"878\" height=\"215\" srcset=\"https:\/\/trueffelschweiz.ch\/fr\/wp-content\/uploads\/sites\/6\/2013\/05\/Baume-gepflanzt-1024x251.jpg 1024w, https:\/\/trueffelschweiz.ch\/fr\/wp-content\/uploads\/sites\/6\/2013\/05\/Baume-gepflanzt-300x73.jpg 300w, https:\/\/trueffelschweiz.ch\/fr\/wp-content\/uploads\/sites\/6\/2013\/05\/Baume-gepflanzt.jpg 1600w\" sizes=\"auto, (max-width: 878px) 100vw, 878px\" \/><\/a><p id=\"caption-attachment-49\" class=\"wp-caption-text\">PLANTAGE D&rsquo;ARBRES MYCORHIS\u00c9<\/p><\/div>\n<p lang=\"de-DE\" style=\"margin-bottom: 0px; text-align: justify;\">Notre patience a su r\u00e9pondre \u00e0 notre attente et est devenu aujourd&rsquo;hui une r\u00e9alit\u00e9. Nous r\u00e9coltons la truffe <em>T. melanosporum<\/em>.<\/p>\n<div id=\"attachment_57\" style=\"width: 227px\" class=\"wp-caption aligncenter\"><a href=\"http:\/\/trueffelschweiz.ch\/fr\/wp-content\/uploads\/sites\/6\/2013\/05\/Trueffel-gefunden.jpg\"><img loading=\"lazy\" decoding=\"async\" aria-describedby=\"caption-attachment-57\" class=\"size-medium wp-image-57 \" title=\"Trueffel gefunden\" src=\"http:\/\/trueffelschweiz.ch\/wp-content\/uploads\/2013\/05\/Trueffel-gefunden-217x300.jpg\" alt=\"\" width=\"217\" height=\"300\" srcset=\"https:\/\/trueffelschweiz.ch\/fr\/wp-content\/uploads\/sites\/6\/2013\/05\/Trueffel-gefunden-217x300.jpg 217w, https:\/\/trueffelschweiz.ch\/fr\/wp-content\/uploads\/sites\/6\/2013\/05\/Trueffel-gefunden-743x1024.jpg 743w, https:\/\/trueffelschweiz.ch\/fr\/wp-content\/uploads\/sites\/6\/2013\/05\/Trueffel-gefunden.jpg 1369w\" sizes=\"auto, (max-width: 217px) 100vw, 217px\" \/><\/a><p id=\"caption-attachment-57\" class=\"wp-caption-text\">D\u00c9COUVERTE D&rsquo;UNE Tuber melanosporum<\/p><\/div>\n<hr \/>\n<hr \/>\n<p style=\"text-align: justify;\">Nous n&rsquo;avons plant\u00e9 aucun arbre avec <em>T. aestivum <\/em>. C&rsquo;est pourquoi nous offrons des <em>T. aestivum <\/em>sauvages.<\/p>\n<hr \/>\n<hr \/>\n<p lang=\"de-DE\" style=\"text-align: justify;\">Je m&rsquo;appelle Javier Belmonte, passionn\u00e9 chercheur de truffes et membre de l\u2019Association Suisse des truffes. En parall\u00e8le \u00e0 ma passion pour les truffes je poss\u00e8de un titre universitaire et me suis bien int\u00e9gr\u00e9 en Suisse.<\/p>\n<div id=\"attachment_97\" style=\"width: 206px\" class=\"wp-caption aligncenter\"><a href=\"http:\/\/trueffelschweiz.ch\/fr\/wp-content\/uploads\/sites\/6\/2013\/05\/Alba-2006.jpg\"><img loading=\"lazy\" decoding=\"async\" aria-describedby=\"caption-attachment-97\" class=\"size-medium wp-image-97 \" title=\"Tuber magnatum PROBIERT\" src=\"http:\/\/trueffelschweiz.ch\/wp-content\/uploads\/2013\/05\/Alba-2006-196x300.jpg\" alt=\"ALBA ESSEN 2006 Tuber magnatum\" width=\"196\" height=\"300\" srcset=\"https:\/\/trueffelschweiz.ch\/fr\/wp-content\/uploads\/sites\/6\/2013\/05\/Alba-2006-196x300.jpg 196w, https:\/\/trueffelschweiz.ch\/fr\/wp-content\/uploads\/sites\/6\/2013\/05\/Alba-2006-672x1024.jpg 672w, https:\/\/trueffelschweiz.ch\/fr\/wp-content\/uploads\/sites\/6\/2013\/05\/Alba-2006.jpg 1045w\" sizes=\"auto, (max-width: 196px) 100vw, 196px\" \/><\/a><p id=\"caption-attachment-97\" class=\"wp-caption-text\">D\u00c9GUSTATION DE Tuber magnatum<\/p><\/div>\n<hr \/>\n<hr \/>\n","protected":false},"excerpt":{"rendered":"<p>D\u00e9j\u00e0 nos parents et grand-parents on r\u00e9colt\u00e9s des truffes sauvages. La technologie de la mycorhise nous a permi, il y 16 ans, de planter des arbres avec Tuber melanosporum. Notre patience a su r\u00e9pondre \u00e0 notre attente et est devenu aujourd&rsquo;hui une r\u00e9alit\u00e9. Nous r\u00e9coltons la truffe T. melanosporum. Nous n&rsquo;avons plant\u00e9 aucun arbre avec [&hellip;]<\/p>\n","protected":false},"author":1,"featured_media":0,"parent":0,"menu_order":20,"comment_status":"closed","ping_status":"closed","template":"page-templates\/front-page.php","meta":{"footnotes":""},"class_list":["post-5","page","type-page","status-publish","hentry"],"aioseo_notices":[],"jetpack_sharing_enabled":true,"_links":{"self":[{"href":"https:\/\/trueffelschweiz.ch\/fr\/wp-json\/wp\/v2\/pages\/5","targetHints":{"allow":["GET"]}}],"collection":[{"href":"https:\/\/trueffelschweiz.ch\/fr\/wp-json\/wp\/v2\/pages"}],"about":[{"href":"https:\/\/trueffelschweiz.ch\/fr\/wp-json\/wp\/v2\/types\/page"}],"author":[{"embeddable":true,"href":"https:\/\/trueffelschweiz.ch\/fr\/wp-json\/wp\/v2\/users\/1"}],"replies":[{"embeddable":true,"href":"https:\/\/trueffelschweiz.ch\/fr\/wp-json\/wp\/v2\/comments?post=5"}],"version-history":[{"count":1,"href":"https:\/\/trueffelschweiz.ch\/fr\/wp-json\/wp\/v2\/pages\/5\/revisions"}],"predecessor-version":[{"id":351,"href":"https:\/\/trueffelschweiz.ch\/fr\/wp-json\/wp\/v2\/pages\/5\/revisions\/351"}],"wp:attachment":[{"href":"https:\/\/trueffelschweiz.ch\/fr\/wp-json\/wp\/v2\/media?parent=5"}],"curies":[{"name":"wp","href":"https:\/\/api.w.org\/{rel}","templated":true}]}}